{"id":423,"date":"2021-04-12T15:14:49","date_gmt":"2021-04-12T13:14:49","guid":{"rendered":"https:\/\/colombes-orgue.org\/?page_id=423"},"modified":"2021-04-24T13:40:39","modified_gmt":"2021-04-24T11:40:39","slug":"un-instrument-tres-degrade","status":"publish","type":"page","link":"https:\/\/colombes-orgue.org\/?page_id=423","title":{"rendered":"LES CAUSES"},"content":{"rendered":"\n<div class=\"wp-block-group alignwide has-subtle-background-background-color has-background\"><div class=\"wp-block-group__inner-container is-layout-flow wp-block-group-is-layout-flow\">\n<p class=\"has-text-align-center has-large-font-size\"><strong>Causes li\u00e9es aux \u00e9volutions de l\u2019instrument<\/strong><\/p>\n\n\n\n<p>A l\u2019origine c\u2019est un instrument de petites dimensions con\u00e7u et r\u00e9alis\u00e9 au d\u00e9but du XX<sup>e<\/sup>&nbsp;si\u00e8cle. Sa m\u00e9canique est lourde, ses possibilit\u00e9s sonores limit\u00e9es se cantonnent \u00e0 l\u2019accompagnement de l\u2019assembl\u00e9e et \u00e0 l\u2019interpr\u00e9tation d\u2019un petit r\u00e9pertoire, suffisant alors aux besoins de l\u2019ancienne \u00e9glise de Colombes.<\/p>\n\n\n\n<p>Lors de son transfert dans la nouvelle \u00e9glise moderne et beaucoup plus vaste, la logique de l\u2019installation est alors de donner \u00e0 ce petit instrument une allure d\u2019orgue de tribune.&nbsp;<\/p>\n\n\n\n<p>Mais, les limites techniques et m\u00e9caniques ne sont pas \u00e9limin\u00e9es et emp\u00eachent la r\u00e9elle \u00e9volution de l\u2019instrument.<\/p>\n\n\n\n<p>Dans les ann\u00e9es 1970, comme d\u00e9j\u00e0 mentionn\u00e9, l\u2019ensemble de la&nbsp;<em>tuyauterie<\/em>&nbsp;subit \u00e9galement des manipulations&nbsp;afin de mettre au go\u00fbt du jour la sonorit\u00e9 g\u00e9n\u00e9rale de l\u2019instrument.&nbsp;<\/p>\n<\/div><\/div>\n\n\n\n<div class=\"wp-block-group alignwide has-accent-background-color has-background\"><div class=\"wp-block-group__inner-container is-layout-flow wp-block-group-is-layout-flow\">\n<p class=\"has-text-align-center has-large-font-size\"><strong>Causes li\u00e9es aux derni\u00e8res interventions sur l&rsquo;orgue&nbsp;<\/strong><\/p>\n\n\n\n<p>Les d\u00e9formations et dysfonctionnements ont tr\u00e8s vite \u00e9t\u00e9 identifi\u00e9s et, dans les ann\u00e9es 2000, des travaux de restauration ont \u00e9t\u00e9 d\u00e9cid\u00e9s et confi\u00e9s \u00e0 un facteur d\u2019orgue. Les travaux, qui se sont \u00e9tal\u00e9s sur plus de 10 ans, n&rsquo;ont pas donn\u00e9 satisfaction et la plupart des d\u00e9fauts sont encore pr\u00e9sents.&nbsp;<\/p>\n\n\n\n<p>&nbsp;Cette mission comportait un changement de place de la console, qui maintenant est de biais par rapport au corps de l&rsquo;instrument, ce qui induit des complications au niveau de la transmission des commandes du clavier aux tuyaux.<\/p>\n\n\n\n<p>Le r\u00e9sultat est un instrument instable, inutilisable dans sa totalit\u00e9 et impossible \u00e0 accorder correctement et \u00e0 r\u00e9gler.<\/p>\n<\/div><\/div>\n\n\n\n<div class=\"wp-block-group alignwide has-subtle-background-background-color has-background\"><div class=\"wp-block-group__inner-container is-layout-flow wp-block-group-is-layout-flow\">\n<p class=\"has-text-align-center has-large-font-size\"><strong>Un contexte d\u00e9favorable li\u00e9 \u00e0 l\u2019\u00e9glise en b\u00e9ton&nbsp;<\/strong><\/p>\n\n\n\n<p>En hiver l\u2019\u00e9glise est chauff\u00e9e ponctuellement par un chauffage \u00e0 air puls\u00e9 tr\u00e8s puissant. L\u2019orgue est directement impact\u00e9 par ce contexte tr\u00e8s d\u00e9favorable qui a provoqu\u00e9 la d\u00e9formation de diff\u00e9rentes parties de l\u2019instrument nuisant \u00e0 son bon fonctionnement.<\/p>\n\n\n\n<p>L\u2019\u00e9glise actuelle est construite en b\u00e9ton. Elle ne b\u00e9n\u00e9ficie pas de l\u2019\u00e9paisseur de murs de pierre assurant une \u00e9volution lente de la temp\u00e9rature au fil des saisons et les diff\u00e9rences entre celles du jour et de la nuit. La temp\u00e9rature int\u00e9rieure fait l\u2019objet des m\u00eames fluctuations que l\u2019ext\u00e9rieur.&nbsp;<\/p>\n\n\n\n<figure class=\"wp-block-image size-large is-style-default\"><img loading=\"lazy\" decoding=\"async\" width=\"977\" height=\"731\" src=\"https:\/\/colombes-orgue.org\/wp-content\/uploads\/2021\/04\/Postion-orgue.jpg\" alt=\"\" class=\"wp-image-424\" srcset=\"https:\/\/colombes-orgue.org\/wp-content\/uploads\/2021\/04\/Postion-orgue.jpg 977w, https:\/\/colombes-orgue.org\/wp-content\/uploads\/2021\/04\/Postion-orgue-300x224.jpg 300w, https:\/\/colombes-orgue.org\/wp-content\/uploads\/2021\/04\/Postion-orgue-768x575.jpg 768w\" sizes=\"auto, (max-width: 977px) 100vw, 977px\" \/><\/figure>\n<\/div><\/div>\n\n\n\n<div class=\"wp-block-buttons is-layout-flex wp-block-buttons-is-layout-flex\">\n<div class=\"wp-block-button has-custom-width wp-block-button__width-100\"><a class=\"wp-block-button__link\" href=\"https:\/\/colombes-orgue.org\/?page_id=447(ouvre un nouvel onglet)\" style=\"border-radius:50px\">Retour<\/a><\/div>\n<\/div>\n","protected":false},"excerpt":{"rendered":"<p>Causes li\u00e9es aux \u00e9volutions de l\u2019instrument A l\u2019origine c\u2019est un instrument de petites dimensions con\u00e7u et r\u00e9alis\u00e9 au d\u00e9but du XXe&nbsp;si\u00e8cle. Sa m\u00e9canique est lourde, ses possibilit\u00e9s sonores limit\u00e9es se cantonnent \u00e0 l\u2019accompagnement de l\u2019assembl\u00e9e et \u00e0 l\u2019interpr\u00e9tation d\u2019un petit r\u00e9pertoire, suffisant alors aux besoins de l\u2019ancienne \u00e9glise de Colombes. Lors de son transfert dans [&hellip;]<\/p>\n","protected":false},"author":1,"featured_media":0,"parent":0,"menu_order":0,"comment_status":"closed","ping_status":"closed","template":"templates\/template-full-width.php","meta":{"footnotes":""},"class_list":["post-423","page","type-page","status-publish","hentry"],"_links":{"self":[{"href":"https:\/\/colombes-orgue.org\/index.php?rest_route=\/wp\/v2\/pages\/423","targetHints":{"allow":["GET"]}}],"collection":[{"href":"https:\/\/colombes-orgue.org\/index.php?rest_route=\/wp\/v2\/pages"}],"about":[{"href":"https:\/\/colombes-orgue.org\/index.php?rest_route=\/wp\/v2\/types\/page"}],"author":[{"embeddable":true,"href":"https:\/\/colombes-orgue.org\/index.php?rest_route=\/wp\/v2\/users\/1"}],"replies":[{"embeddable":true,"href":"https:\/\/colombes-orgue.org\/index.php?rest_route=%2Fwp%2Fv2%2Fcomments&post=423"}],"version-history":[{"count":7,"href":"https:\/\/colombes-orgue.org\/index.php?rest_route=\/wp\/v2\/pages\/423\/revisions"}],"predecessor-version":[{"id":599,"href":"https:\/\/colombes-orgue.org\/index.php?rest_route=\/wp\/v2\/pages\/423\/revisions\/599"}],"wp:attachment":[{"href":"https:\/\/colombes-orgue.org\/index.php?rest_route=%2Fwp%2Fv2%2Fmedia&parent=423"}],"curies":[{"name":"wp","href":"https:\/\/api.w.org\/{rel}","templated":true}]}}