{"id":224,"date":"2021-03-31T10:54:05","date_gmt":"2021-03-31T08:54:05","guid":{"rendered":"https:\/\/colombes-orgue.org\/?page_id=224"},"modified":"2021-05-03T16:36:38","modified_gmt":"2021-05-03T14:36:38","slug":"politique-de-confidentialite-2","status":"publish","type":"page","link":"https:\/\/colombes-orgue.org\/?page_id=224","title":{"rendered":"Politique de confidentialit\u00e9"},"content":{"rendered":"\n<div class=\"wp-block-group has-subtle-background-background-color has-background\"><div class=\"wp-block-group__inner-container is-layout-flow wp-block-group-is-layout-flow\">\n<p>L\u2019association Colombes.orgue est amen\u00e9e \u00e0 collecter et \u00e0 traiter des donn\u00e9es \u00e0 caract\u00e8re personnel qu\u2019elle ne conserve et n\u2019utilise que pour les besoins stricts de la r\u00e9alisation de son objet social.<\/p>\n\n\n\n<p>La gestion des donn\u00e9es personnelles est assur\u00e9e sous la responsabilit\u00e9 de l\u2019association, repr\u00e9sent\u00e9e par son pr\u00e9sident en exercice.<\/p>\n<\/div><\/div>\n\n\n\n<div class=\"wp-block-group has-accent-background-color has-background\"><div class=\"wp-block-group__inner-container is-layout-flow wp-block-group-is-layout-flow\">\n<ul type=\"1\" class=\"has-large-font-size wp-block-list\"><li><strong>Donn\u00e9es trait\u00e9es et finalit\u00e9s<\/strong><\/li><\/ul>\n\n\n\n<p>L\u2019association recueille des donn\u00e9es personnelles pour les besoins suivants&nbsp;:<\/p>\n\n\n\n<ul class=\"wp-block-list\"><li>Sur la base du contrat d\u2019association, pour la gestion administrative et financi\u00e8re de ses membres (nom, pr\u00e9nom, adresse postale, adresse mail, date d\u2019adh\u00e9sion, coordonn\u00e9es bancaires (hors cartes bancaires), position et\/ou activit\u00e9s dans l\u2019association)<\/li><li>Sur la base du consentement, pour la gestion administrative et financi\u00e8re des donateurs (idem)<\/li><li>Sur la base du consentement, pour la gestion des personnes destinataires des informations communiqu\u00e9es par l\u2019association (newsletter)<\/li><li>Sur la base du consentement, pour la gestion des personnes destinataires des informations communiqu\u00e9es sur les activit\u00e9s de l\u2019association (coordonn\u00e9es de contacts)<\/li><li>Sur la base du service demand\u00e9, dans le but de r\u00e9pondre aux interrogations des visiteurs ( nom, pr\u00e9nom, adresse mail des visiteurs souhaitant \u00eatre contact\u00e9s)<\/li><\/ul>\n<\/div><\/div>\n\n\n\n<div class=\"wp-block-group has-subtle-background-background-color has-background\"><div class=\"wp-block-group__inner-container is-layout-flow wp-block-group-is-layout-flow\">\n<ul class=\"has-large-font-size wp-block-list\"><li><strong>Destinataires des donn\u00e9es trait\u00e9es<\/strong><\/li><\/ul>\n\n\n\n<p>Ces donn\u00e9es ne sont accessibles et ne seront communiqu\u00e9es qu\u2019aux personnes suivantes&nbsp;:<\/p>\n\n\n\n<ul class=\"wp-block-list\"><li>Pour les donn\u00e9es relatives aux membres et aux donateurs&nbsp;: membres en charge de l\u2019administration, personnes en charge du suivi financier de l\u2019association et \u00e9tablissements bancaires<\/li><li>Pour les donn\u00e9es n\u00e9cessaires \u00e0 la communication des informations&nbsp;: membres en charge de l\u2019administration et personnes en charge de la communication de l\u2019association<\/li><li>Pour les donn\u00e9es relatives au site internet&nbsp;: les services techniques, les membres de l\u2019association en charge de l\u2019administration, les personnes en charge de la communication&nbsp;<\/li><\/ul>\n<\/div><\/div>\n\n\n\n<div class=\"wp-block-group has-accent-background-color has-background\"><div class=\"wp-block-group__inner-container is-layout-flow wp-block-group-is-layout-flow\">\n<ul class=\"has-large-font-size wp-block-list\"><li><strong>Dur\u00e9e de conservation<\/strong><\/li><\/ul>\n\n\n\n<p>Les donn\u00e9es seront conserv\u00e9es pendant les dur\u00e9es suivantes&nbsp;:<\/p>\n\n\n\n<ul class=\"wp-block-list\"><li>Pour la gestion des informations concernant les membres, cinq ans apr\u00e8s la date du dernier r\u00e8glement, sauf retrait du consentement<\/li><li>Pour la gestion des donateurs, cinq ans apr\u00e8s la date du dernier r\u00e8glement, sauf retrait du consentement<\/li><li>Pour la communication des informations aux donateurs et aux membres&nbsp;: idem,<\/li><li>Pour r\u00e9pondre aux questions des internautes&nbsp;: jusqu&rsquo;au 31 d\u00e9cembre de l&rsquo;ann\u00e9e civile suivante pour une simple interrogation, + 5 ans en cas de risque juridique, pour les internautes souhaitant \u00eatre contact\u00e9s<\/li><\/ul>\n<\/div><\/div>\n\n\n\n<div class=\"wp-block-group has-subtle-background-background-color has-background\"><div class=\"wp-block-group__inner-container is-layout-flow wp-block-group-is-layout-flow\">\n<ul class=\"has-large-font-size wp-block-list\"><li><strong>Droits des personnes concern\u00e9es<\/strong><\/li><\/ul>\n\n\n\n<p>Toutes les personnes concern\u00e9es peuvent acc\u00e9der aux donn\u00e9es les concernant enregistr\u00e9es et conserv\u00e9es par l\u2019association et en obtenir une copie. Elles peuvent obtenir la rectification de donn\u00e9es inexactes ou incompl\u00e8tes.<\/p>\n\n\n\n<p>Il leur suffit de contacter l\u2019association \u00e0 l\u2019adresse mail&nbsp;<a href=\"mailto:contact@colombes-orgue.org\">contact@colombes-orgue.org<\/a>&nbsp;ou par courrier postal au si\u00e8ge de l\u2019association. Toute demande sera prise en compte dans les 15 jours de sa r\u00e9ception.<\/p>\n\n\n\n<p>Les personnes concern\u00e9es sont inform\u00e9es en outre qu\u2019elles peuvent s\u2019opposer au traitement de leur donn\u00e9es dans les conditions pr\u00e9vues \u00e0 l\u2019article 21 du RGPD ou obtenir l\u2019effacement de celles-ci dans les conditions pr\u00e9vues \u00e0 l\u2019article 17 du RGPD. Elles disposent dans certains cas d\u2019un droit \u00e0 la portabilit\u00e9 et \u00e0 la limitation du traitement dans les conditions respectivement expos\u00e9es aux articles 20 et 18 du RGPD.<\/p>\n<\/div><\/div>\n\n\n\n<div class=\"wp-block-group has-accent-background-color has-background\"><div class=\"wp-block-group__inner-container is-layout-flow wp-block-group-is-layout-flow\">\n<ul class=\"has-large-font-size wp-block-list\"><li><strong>R\u00e9clamation<\/strong><\/li><\/ul>\n\n\n\n<p>Toute personne estimant que le traitement des donn\u00e9es effectu\u00e9es constitue une violation du RGPD ou de la r\u00e8glementation fran\u00e7aise issue de ce r\u00e8glement peut introduire une r\u00e9clamation aupr\u00e8s de la CNIL sur le site internet de cet organisme (http:\/\/www.cnil.fr)<\/p>\n<\/div><\/div>\n\n\n\n<hr class=\"wp-block-separator\"\/>\n\n\n\n<div class=\"wp-block-buttons is-content-justification-center is-layout-flex wp-block-buttons-is-layout-flex\">\n<div class=\"wp-block-button has-custom-width wp-block-button__width-50 is-style-outline is-style-outline--1\"><a class=\"wp-block-button__link has-accent-color has-subtle-background-background-color has-text-color has-background\" href=\"https:\/\/colombes-orgue.org\" style=\"border-radius:50px\">retour \u00e0 l&rsquo;accueil<\/a><\/div>\n<\/div>\n\n\n\n<p><\/p>\n","protected":false},"excerpt":{"rendered":"<p>L\u2019association Colombes.orgue est amen\u00e9e \u00e0 collecter et \u00e0 traiter des donn\u00e9es \u00e0 caract\u00e8re personnel qu\u2019elle ne conserve et n\u2019utilise que pour les besoins stricts de la r\u00e9alisation de son objet social. La gestion des donn\u00e9es personnelles est assur\u00e9e sous la responsabilit\u00e9 de l\u2019association, repr\u00e9sent\u00e9e par son pr\u00e9sident en exercice. Donn\u00e9es trait\u00e9es et finalit\u00e9s L\u2019association recueille [&hellip;]<\/p>\n","protected":false},"author":1,"featured_media":0,"parent":0,"menu_order":0,"comment_status":"closed","ping_status":"closed","template":"templates\/template-full-width.php","meta":{"footnotes":""},"class_list":["post-224","page","type-page","status-publish","hentry"],"_links":{"self":[{"href":"https:\/\/colombes-orgue.org\/index.php?rest_route=\/wp\/v2\/pages\/224","targetHints":{"allow":["GET"]}}],"collection":[{"href":"https:\/\/colombes-orgue.org\/index.php?rest_route=\/wp\/v2\/pages"}],"about":[{"href":"https:\/\/colombes-orgue.org\/index.php?rest_route=\/wp\/v2\/types\/page"}],"author":[{"embeddable":true,"href":"https:\/\/colombes-orgue.org\/index.php?rest_route=\/wp\/v2\/users\/1"}],"replies":[{"embeddable":true,"href":"https:\/\/colombes-orgue.org\/index.php?rest_route=%2Fwp%2Fv2%2Fcomments&post=224"}],"version-history":[{"count":9,"href":"https:\/\/colombes-orgue.org\/index.php?rest_route=\/wp\/v2\/pages\/224\/revisions"}],"predecessor-version":[{"id":683,"href":"https:\/\/colombes-orgue.org\/index.php?rest_route=\/wp\/v2\/pages\/224\/revisions\/683"}],"wp:attachment":[{"href":"https:\/\/colombes-orgue.org\/index.php?rest_route=%2Fwp%2Fv2%2Fmedia&parent=224"}],"curies":[{"name":"wp","href":"https:\/\/api.w.org\/{rel}","templated":true}]}}